{"id":162,"date":"2022-06-02T23:11:57","date_gmt":"2022-06-03T02:11:57","guid":{"rendered":"https:\/\/web3.cl\/dev-infancia\/?post_type=jardines&#038;p=162"},"modified":"2022-06-07T12:25:11","modified_gmt":"2022-06-07T15:25:11","slug":"teresita-de-los-andes","status":"publish","type":"jardines","link":"https:\/\/web3.cl\/dev-infancia\/jardines\/teresita-de-los-andes\/","title":{"rendered":"Teresita de los Andes"},"featured_media":0,"template":"","categories":[],"zona":[5],"class_list":["post-162","jardines","type-jardines","status-publish","hentry","zona-sur"],"acf":{"tipo":"Sala Cuna y Jard\u00edn Infantil","director_name":"Paola Salgado","position":"Directora","address":" Juan Vicu\u00f1a 1650","phone_number":225563979,"email":"teresita@infancia.cl","director_image":163,"address_coordinate":"<iframe src=\"https:\/\/www.google.com\/maps\/embed?pb=!1m14!1m8!1m3!1d53253.00913743125!2d-70.64294!3d-33.467199!3m2!1i1024!2i768!4f13.1!3m3!1m2!1s0x9662c540314ac0d1%3A0x35df622cf0918dbc!2sJuan%20Vicu%C3%B1a%201650%2C%20Santiago%2C%20Regi%C3%B3n%20Metropolitana%2C%20Chile!5e0!3m2!1ses!2sus!4v1654222340532!5m2!1ses!2sus\" width=\"600\" height=\"450\" style=\"border:0;\" allowfullscreen=\"\" loading=\"lazy\" referrerpolicy=\"no-referrer-when-downgrade\"><\/iframe>","video":249,"sobre_el_jardin":"Fue inaugurado en 1981 como centro abierto y su nombre es altamente simb\u00f3lico, ya que la \u00e9poca de apertura de este recinto coincidi\u00f3 con el periodo en que la hija de la Orden de las Carmelitas Descalzas se encontraba en proceso de beatificaci\u00f3n. Originalmente un equipo de voluntariado brindaba atenci\u00f3n, netamente asistencial, a 125 ni\u00f1os y ni\u00f1as residentes del sector cercano al barrio Franklin. A contar de 1990, este centro abierto pas\u00f3 a llamarse Centro Educativo de P\u00e1rvulos, cuyo original objetivo asistencial transit\u00f3 hacia uno totalmente educativo y comenz\u00f3 a atender en jornada de extensi\u00f3n horaria. En octubre del a\u00f1o 2006 fue inaugurada una nueva sala cuna con capacidad para atender a 12 lactantes."},"yoast_head":"<!-- This site is optimized with the Yoast SEO plugin v26.9 - https:\/\/yoast.com\/product\/yoast-seo-wordpress\/ -->\n<title>Teresita de los Andes - Infancia<\/title>\n<meta name=\"robots\" content=\"index, follow, max-snippet:-1, max-image-preview:large, max-video-preview:-1\" \/>\n<link rel=\"canonical\" href=\"https:\/\/web3.cl\/dev-infancia\/jardines\/teresita-de-los-andes\/\" \/>\n<meta property=\"og:locale\" content=\"es_ES\" \/>\n<meta property=\"og:type\" content=\"article\" \/>\n<meta property=\"og:title\" content=\"Teresita de los Andes - Infancia\" \/>\n<meta property=\"og:url\" content=\"https:\/\/web3.cl\/dev-infancia\/jardines\/teresita-de-los-andes\/\" \/>\n<meta property=\"og:site_name\" content=\"Infancia\" \/>\n<meta property=\"article:modified_time\" content=\"2022-06-07T15:25:11+00:00\" \/>\n<meta name=\"twitter:card\" content=\"summary_large_image\" \/>\n<script type=\"application\/ld+json\" class=\"yoast-schema-graph\">{\"@context\":\"https:\/\/schema.org\",\"@graph\":[{\"@type\":\"WebPage\",\"@id\":\"https:\/\/web3.cl\/dev-infancia\/jardines\/teresita-de-los-andes\/\",\"url\":\"https:\/\/web3.cl\/dev-infancia\/jardines\/teresita-de-los-andes\/\",\"name\":\"Teresita de los Andes - Infancia\",\"isPartOf\":{\"@id\":\"https:\/\/web3.cl\/dev-infancia\/#website\"},\"datePublished\":\"2022-06-03T02:11:57+00:00\",\"dateModified\":\"2022-06-07T15:25:11+00:00\",\"breadcrumb\":{\"@id\":\"https:\/\/web3.cl\/dev-infancia\/jardines\/teresita-de-los-andes\/#breadcrumb\"},\"inLanguage\":\"es-CL\",\"potentialAction\":[{\"@type\":\"ReadAction\",\"target\":[\"https:\/\/web3.cl\/dev-infancia\/jardines\/teresita-de-los-andes\/\"]}]},{\"@type\":\"BreadcrumbList\",\"@id\":\"https:\/\/web3.cl\/dev-infancia\/jardines\/teresita-de-los-andes\/#breadcrumb\",\"itemListElement\":[{\"@type\":\"ListItem\",\"position\":1,\"name\":\"Portada\",\"item\":\"https:\/\/web3.cl\/dev-infancia\/\"},{\"@type\":\"ListItem\",\"position\":2,\"name\":\"Jardines\",\"item\":\"https:\/\/web3.cl\/dev-infancia\/jardines\/\"},{\"@type\":\"ListItem\",\"position\":3,\"name\":\"Teresita de los Andes\"}]},{\"@type\":\"WebSite\",\"@id\":\"https:\/\/web3.cl\/dev-infancia\/#website\",\"url\":\"https:\/\/web3.cl\/dev-infancia\/\",\"name\":\"Infancia\",\"description\":\"Corporaci\u00f3n para la infancia de Santiago\",\"potentialAction\":[{\"@type\":\"SearchAction\",\"target\":{\"@type\":\"EntryPoint\",\"urlTemplate\":\"https:\/\/web3.cl\/dev-infancia\/?s={search_term_string}\"},\"query-input\":{\"@type\":\"PropertyValueSpecification\",\"valueRequired\":true,\"valueName\":\"search_term_string\"}}],\"inLanguage\":\"es-CL\"}]}<\/script>\n<!-- \/ Yoast SEO plugin. -->","yoast_head_json":{"title":"Teresita de los Andes - Infancia","robots":{"index":"index","follow":"follow","max-snippet":"max-snippet:-1","max-image-preview":"max-image-preview:large","max-video-preview":"max-video-preview:-1"},"canonical":"https:\/\/web3.cl\/dev-infancia\/jardines\/teresita-de-los-andes\/","og_locale":"es_ES","og_type":"article","og_title":"Teresita de los Andes - Infancia","og_url":"https:\/\/web3.cl\/dev-infancia\/jardines\/teresita-de-los-andes\/","og_site_name":"Infancia","article_modified_time":"2022-06-07T15:25:11+00:00","twitter_card":"summary_large_image","schema":{"@context":"https:\/\/schema.org","@graph":[{"@type":"WebPage","@id":"https:\/\/web3.cl\/dev-infancia\/jardines\/teresita-de-los-andes\/","url":"https:\/\/web3.cl\/dev-infancia\/jardines\/teresita-de-los-andes\/","name":"Teresita de los Andes - Infancia","isPartOf":{"@id":"https:\/\/web3.cl\/dev-infancia\/#website"},"datePublished":"2022-06-03T02:11:57+00:00","dateModified":"2022-06-07T15:25:11+00:00","breadcrumb":{"@id":"https:\/\/web3.cl\/dev-infancia\/jardines\/teresita-de-los-andes\/#breadcrumb"},"inLanguage":"es-CL","potentialAction":[{"@type":"ReadAction","target":["https:\/\/web3.cl\/dev-infancia\/jardines\/teresita-de-los-andes\/"]}]},{"@type":"BreadcrumbList","@id":"https:\/\/web3.cl\/dev-infancia\/jardines\/teresita-de-los-andes\/#breadcrumb","itemListElement":[{"@type":"ListItem","position":1,"name":"Portada","item":"https:\/\/web3.cl\/dev-infancia\/"},{"@type":"ListItem","position":2,"name":"Jardines","item":"https:\/\/web3.cl\/dev-infancia\/jardines\/"},{"@type":"ListItem","position":3,"name":"Teresita de los Andes"}]},{"@type":"WebSite","@id":"https:\/\/web3.cl\/dev-infancia\/#website","url":"https:\/\/web3.cl\/dev-infancia\/","name":"Infancia","description":"Corporaci\u00f3n para la infancia de Santiago","potentialAction":[{"@type":"SearchAction","target":{"@type":"EntryPoint","urlTemplate":"https:\/\/web3.cl\/dev-infancia\/?s={search_term_string}"},"query-input":{"@type":"PropertyValueSpecification","valueRequired":true,"valueName":"search_term_string"}}],"inLanguage":"es-CL"}]}},"_links":{"self":[{"href":"https:\/\/web3.cl\/dev-infancia\/wp-json\/wp\/v2\/kindergartens\/162","targetHints":{"allow":["GET"]}}],"collection":[{"href":"https:\/\/web3.cl\/dev-infancia\/wp-json\/wp\/v2\/kindergartens"}],"about":[{"href":"https:\/\/web3.cl\/dev-infancia\/wp-json\/wp\/v2\/types\/jardines"}],"wp:attachment":[{"href":"https:\/\/web3.cl\/dev-infancia\/wp-json\/wp\/v2\/media?parent=162"}],"wp:term":[{"taxonomy":"category","embeddable":true,"href":"https:\/\/web3.cl\/dev-infancia\/wp-json\/wp\/v2\/categories?post=162"},{"taxonomy":"zona","embeddable":true,"href":"https:\/\/web3.cl\/dev-infancia\/wp-json\/wp\/v2\/zona?post=162"}],"curies":[{"name":"wp","href":"https:\/\/api.w.org\/{rel}","templated":true}]}}