{"id":150,"date":"2022-06-02T22:57:28","date_gmt":"2022-06-03T01:57:28","guid":{"rendered":"https:\/\/web3.cl\/dev-infancia\/?post_type=jardines&#038;p=150"},"modified":"2022-06-03T18:15:30","modified_gmt":"2022-06-03T21:15:30","slug":"molina","status":"publish","type":"jardines","link":"https:\/\/web3.cl\/dev-infancia\/jardines\/molina\/","title":{"rendered":"Molina"},"featured_media":0,"template":"","categories":[],"zona":[5],"class_list":["post-150","jardines","type-jardines","status-publish","hentry","zona-sur"],"acf":{"tipo":"Jard\u00edn Infantil","director_name":"Soledad Solar de la Pe\u00f1a","position":"Directora","address":"Abate Molina 666 \/ Santiago Centro","phone_number":226891613,"email":"molina@infancia.cl","director_image":151,"address_coordinate":"<iframe src=\"https:\/\/www.google.com\/maps\/embed?pb=!1m14!1m8!1m3!1d53258.79070909166!2d-70.671798!3d-33.457788!3m2!1i1024!2i768!4f13.1!3m3!1m2!1s0x9662c4fd040d66c9%3A0x65838f937b91cc37!2sAbate%20Molina%20666%2C%20Santiago%2C%20Regi%C3%B3n%20Metropolitana%2C%20Chile!5e0!3m2!1ses!2sus!4v1654221444427!5m2!1ses!2sus\" width=\"600\" height=\"450\" style=\"border:0;\" allowfullscreen=\"\" loading=\"lazy\" referrerpolicy=\"no-referrer-when-downgrade\"><\/iframe>","video":249,"sobre_el_jardin":"Inici\u00f3 su operaci\u00f3n en 1997, al interior de una sede social situada a pasos del Club H\u00edpico, en el sector centro sur de la comuna. En sus or\u00edgenes, las madres se turnaban para cuidar a los ni\u00f1os y ni\u00f1as, pero, quienes trabajaban fuera del hogar necesitaron ese apoyo especializado durante la jornada laboral. Fue as\u00ed como se organizaron para presentar al municipio, un proyecto de educaci\u00f3n preescolar que contribuyera al correcto desarrollo de los menores, el cual fue acogido."},"yoast_head":"<!-- This site is optimized with the Yoast SEO plugin v26.9 - https:\/\/yoast.com\/product\/yoast-seo-wordpress\/ -->\n<title>Molina - Infancia<\/title>\n<meta name=\"robots\" content=\"index, follow, max-snippet:-1, max-image-preview:large, max-video-preview:-1\" \/>\n<link rel=\"canonical\" href=\"https:\/\/web3.cl\/dev-infancia\/jardines\/molina\/\" \/>\n<meta property=\"og:locale\" content=\"es_ES\" \/>\n<meta property=\"og:type\" content=\"article\" \/>\n<meta property=\"og:title\" content=\"Molina - Infancia\" \/>\n<meta property=\"og:url\" content=\"https:\/\/web3.cl\/dev-infancia\/jardines\/molina\/\" \/>\n<meta property=\"og:site_name\" content=\"Infancia\" \/>\n<meta property=\"article:modified_time\" content=\"2022-06-03T21:15:30+00:00\" \/>\n<meta name=\"twitter:card\" content=\"summary_large_image\" \/>\n<script type=\"application\/ld+json\" class=\"yoast-schema-graph\">{\"@context\":\"https:\/\/schema.org\",\"@graph\":[{\"@type\":\"WebPage\",\"@id\":\"https:\/\/web3.cl\/dev-infancia\/jardines\/molina\/\",\"url\":\"https:\/\/web3.cl\/dev-infancia\/jardines\/molina\/\",\"name\":\"Molina - Infancia\",\"isPartOf\":{\"@id\":\"https:\/\/web3.cl\/dev-infancia\/#website\"},\"datePublished\":\"2022-06-03T01:57:28+00:00\",\"dateModified\":\"2022-06-03T21:15:30+00:00\",\"breadcrumb\":{\"@id\":\"https:\/\/web3.cl\/dev-infancia\/jardines\/molina\/#breadcrumb\"},\"inLanguage\":\"es-CL\",\"potentialAction\":[{\"@type\":\"ReadAction\",\"target\":[\"https:\/\/web3.cl\/dev-infancia\/jardines\/molina\/\"]}]},{\"@type\":\"BreadcrumbList\",\"@id\":\"https:\/\/web3.cl\/dev-infancia\/jardines\/molina\/#breadcrumb\",\"itemListElement\":[{\"@type\":\"ListItem\",\"position\":1,\"name\":\"Portada\",\"item\":\"https:\/\/web3.cl\/dev-infancia\/\"},{\"@type\":\"ListItem\",\"position\":2,\"name\":\"Jardines\",\"item\":\"https:\/\/web3.cl\/dev-infancia\/jardines\/\"},{\"@type\":\"ListItem\",\"position\":3,\"name\":\"Molina\"}]},{\"@type\":\"WebSite\",\"@id\":\"https:\/\/web3.cl\/dev-infancia\/#website\",\"url\":\"https:\/\/web3.cl\/dev-infancia\/\",\"name\":\"Infancia\",\"description\":\"Corporaci\u00f3n para la infancia de Santiago\",\"potentialAction\":[{\"@type\":\"SearchAction\",\"target\":{\"@type\":\"EntryPoint\",\"urlTemplate\":\"https:\/\/web3.cl\/dev-infancia\/?s={search_term_string}\"},\"query-input\":{\"@type\":\"PropertyValueSpecification\",\"valueRequired\":true,\"valueName\":\"search_term_string\"}}],\"inLanguage\":\"es-CL\"}]}<\/script>\n<!-- \/ Yoast SEO plugin. -->","yoast_head_json":{"title":"Molina - Infancia","robots":{"index":"index","follow":"follow","max-snippet":"max-snippet:-1","max-image-preview":"max-image-preview:large","max-video-preview":"max-video-preview:-1"},"canonical":"https:\/\/web3.cl\/dev-infancia\/jardines\/molina\/","og_locale":"es_ES","og_type":"article","og_title":"Molina - Infancia","og_url":"https:\/\/web3.cl\/dev-infancia\/jardines\/molina\/","og_site_name":"Infancia","article_modified_time":"2022-06-03T21:15:30+00:00","twitter_card":"summary_large_image","schema":{"@context":"https:\/\/schema.org","@graph":[{"@type":"WebPage","@id":"https:\/\/web3.cl\/dev-infancia\/jardines\/molina\/","url":"https:\/\/web3.cl\/dev-infancia\/jardines\/molina\/","name":"Molina - Infancia","isPartOf":{"@id":"https:\/\/web3.cl\/dev-infancia\/#website"},"datePublished":"2022-06-03T01:57:28+00:00","dateModified":"2022-06-03T21:15:30+00:00","breadcrumb":{"@id":"https:\/\/web3.cl\/dev-infancia\/jardines\/molina\/#breadcrumb"},"inLanguage":"es-CL","potentialAction":[{"@type":"ReadAction","target":["https:\/\/web3.cl\/dev-infancia\/jardines\/molina\/"]}]},{"@type":"BreadcrumbList","@id":"https:\/\/web3.cl\/dev-infancia\/jardines\/molina\/#breadcrumb","itemListElement":[{"@type":"ListItem","position":1,"name":"Portada","item":"https:\/\/web3.cl\/dev-infancia\/"},{"@type":"ListItem","position":2,"name":"Jardines","item":"https:\/\/web3.cl\/dev-infancia\/jardines\/"},{"@type":"ListItem","position":3,"name":"Molina"}]},{"@type":"WebSite","@id":"https:\/\/web3.cl\/dev-infancia\/#website","url":"https:\/\/web3.cl\/dev-infancia\/","name":"Infancia","description":"Corporaci\u00f3n para la infancia de Santiago","potentialAction":[{"@type":"SearchAction","target":{"@type":"EntryPoint","urlTemplate":"https:\/\/web3.cl\/dev-infancia\/?s={search_term_string}"},"query-input":{"@type":"PropertyValueSpecification","valueRequired":true,"valueName":"search_term_string"}}],"inLanguage":"es-CL"}]}},"_links":{"self":[{"href":"https:\/\/web3.cl\/dev-infancia\/wp-json\/wp\/v2\/kindergartens\/150","targetHints":{"allow":["GET"]}}],"collection":[{"href":"https:\/\/web3.cl\/dev-infancia\/wp-json\/wp\/v2\/kindergartens"}],"about":[{"href":"https:\/\/web3.cl\/dev-infancia\/wp-json\/wp\/v2\/types\/jardines"}],"wp:attachment":[{"href":"https:\/\/web3.cl\/dev-infancia\/wp-json\/wp\/v2\/media?parent=150"}],"wp:term":[{"taxonomy":"category","embeddable":true,"href":"https:\/\/web3.cl\/dev-infancia\/wp-json\/wp\/v2\/categories?post=150"},{"taxonomy":"zona","embeddable":true,"href":"https:\/\/web3.cl\/dev-infancia\/wp-json\/wp\/v2\/zona?post=150"}],"curies":[{"name":"wp","href":"https:\/\/api.w.org\/{rel}","templated":true}]}}